{"id":6312,"date":"2024-11-05T16:29:19","date_gmt":"2024-11-05T16:29:19","guid":{"rendered":"https:\/\/ccbnational.net\/shaggy\/?page_id=6312"},"modified":"2026-08-25T16:38:56","modified_gmt":"2026-08-25T16:38:56","slug":"vision-health-events","status":"publish","type":"page","link":"https:\/\/ccbnational.net\/shaggy\/vision-health-events\/","title":{"rendered":"Vision Health Events"},"content":{"rendered":"\t\t<div data-elementor-type=\"wp-page\" data-elementor-id=\"6312\" class=\"elementor elementor-6312\" data-elementor-post-type=\"page\">\n\t\t\t\t\t\t<section data-particle_enable=\"false\" data-particle-mobile-disabled=\"false\" class=\"elementor-section elementor-top-section elementor-element elementor-element-3bea83a elementor-section-boxed elementor-section-height-default elementor-section-height-default\" data-id=\"3bea83a\" data-element_type=\"section\" data-e-type=\"section\">\n\t\t\t\t\t\t<div class=\"elementor-container elementor-column-gap-default\">\n\t\t\t\t\t<div class=\"elementor-column elementor-col-100 elementor-top-column elementor-element elementor-element-d0cf570\" data-id=\"d0cf570\" data-element_type=\"column\" data-e-type=\"column\">\n\t\t\t<div class=\"elementor-widget-wrap elementor-element-populated\">\n\t\t\t\t\t\t<div class=\"elementor-element elementor-element-0db2c46 elementor-widget elementor-widget-shortcode\" data-id=\"0db2c46\" data-element_type=\"widget\" data-e-type=\"widget\" data-widget_type=\"shortcode.default\">\n\t\t\t\t\t\t\t<div class=\"elementor-shortcode\"><button class=\"responsivevoice-button\" type=\"button\" title=\"ResponsiveVoice Tap to Start\/Stop Speech\" data-rvtts-action=\"speak\" data-rvtts-text=\"Vision Health Events This section highlights our conferences, summits, and other key gatherings dedicated to advancing vision health, fostering collaboration, and promoting accessibility for all. These events bring together experts, advocates, healthcare professionals, and members of the visually impaired community to share insights, discuss innovations, and advocate for critical changes in eye health and vision care. Join us in exploring topics such as the latest advancements in vision research, developments in assistive technology, and updates on national and international vision health policies. From the annual Vision Health Conference to special symposia and workshops, each event offers valuable opportunities to learn, connect, and contribute to the future of vision health in Canada. 2026 CCB ConferencePeople Before ProcessCelebrating World Sight Day by Advancing Health Literacy and Patient RightsThursday, October 8, 202610:00 AM \u2013 2:30 PM (ET)Eastern TimeA complimentary continental breakfast as well as a lunch will be providedNorth York Central Library \u2013 Concourse Event Space5120 Yonge StreetToronto, ON\u00a0M2N 5N9\u00a0Register now to secure your spot!Click here to register in personClick here to register to attend virtually\u00a0\u00a0\u00a0About the Conference: What if we reimagined eye care by putting the person before the process?As Canada\u2019s eye health system continues to evolve with the implementation of the National Strategy for Eye Care Act \u2013 formerly Bill C-284 staying informed about new research, treatments, technologies, and support services can be challenging. This conference will explore how we can ensure that patients and people with lived experience remain at the centre of eye care.Join the Canadian Council of the Blind for a day of learning, discussion, and connection focused on:Health literacy: Helping Canadians better understand their eye health and available care options.Patient and lived-experience rights: Strengthening the role of patients and people with lived experience in shaping healthcare.The conference is open to patients, people with lived experience, healthcare professionals, students, industry partners, and anyone interested in the future of eye health in Canada.\u00a0\u00a0\u00a0 Register Now World Sight Day Conference 2026 2026 CCB\u00a0ConferencePeople Before Process Celebrating World Sight Day by Advancing...Read More July 29, 2026 Vision Health Month Conference 2026 Vision Health Month Conference 2026Pan-Canadian Voices Ottawa Conference Centre200 Coventry...Read More May 26, 2026 World Sight Day Conference 2025 World Sight Day 2025Right to SightAct now, Act Together Together...Read More September 15, 2025 Vision Health Month Conference 2025 2025 Vision Health Month ConferenceTogether We Thrive! Celebrate inclusion, innovation,...Read More May 29, 2025 Load More\" data-rvtts-voice=\"US English Female\" data-rvtts-brand-url=\"https:\/\/responsivevoice.org\/?utm_source=wordpress-plugin&amp;utm_medium=referral&amp;utm_campaign=powered-by\" data-rvtts-brand-label=\"Powered by ResponsiveVoice\"><svg class=\"rvtts-icon\" width=\"22\" height=\"22\" viewBox=\"0 0 22 22\" fill=\"currentColor\" aria-hidden=\"true\" focusable=\"false\"><path fill-rule=\"evenodd\" clip-rule=\"evenodd\" d=\"M11 0C4.92345 0 0 4.92345 0 11C0 13.2683 0.690345 15.3772 1.86621 17.1221L0.811724 21.0517L4.70345 20.0124C6.48621 21.2641 8.65586 22 11 22C17.0766 22 22 17.0766 22 11C22 4.92345 17.0766 0 11 0ZM3.99793 9.99862C3.99793 9.44483 4.44552 8.99724 4.99931 8.99724C5.5531 8.99724 6.00069 9.44483 6.00069 9.99862V12.0014C6.00069 12.5552 5.5531 13.0028 4.99931 13.0028C4.44552 13.0028 3.99793 12.5552 3.99793 12.0014V9.99862ZM8.99724 13.9966C8.99724 14.5503 8.54966 14.9979 7.99586 14.9979C7.44207 14.9979 6.99448 14.5503 6.99448 13.9966V7.99586C6.99448 7.44207 7.44207 6.99448 7.99586 6.99448C8.54966 6.99448 8.99724 7.44207 8.99724 7.99586V13.9966ZM12.0014 17.0007C12.0014 17.5545 11.5538 18.0021 11 18.0021C10.4462 18.0021 9.99862 17.5545 9.99862 17.0007V4.99931C9.99862 4.44552 10.4462 3.99793 11 3.99793C11.5538 3.99793 12.0014 4.44552 12.0014 4.99931V17.0007ZM14.9979 13.9966C14.9979 14.5503 14.5503 14.9979 13.9966 14.9979C13.4428 14.9979 12.9952 14.5503 12.9952 13.9966V7.99586C12.9952 7.44207 13.4428 6.99448 13.9966 6.99448C14.5503 6.99448 14.9979 7.44207 14.9979 7.99586V13.9966ZM18.0021 12.0014C18.0021 12.5552 17.5545 13.0028 17.0007 13.0028C16.4469 13.0028 15.9993 12.5552 15.9993 12.0014V9.99862C15.9993 9.44483 16.4469 8.99724 17.0007 8.99724C17.5545 8.99724 18.0021 9.44483 18.0021 9.99862V12.0014Z\"\/><\/svg><span class=\"responsivevoice-button__label\">Listen to Post<\/span><\/button><\/div>\n\t\t\t\t\t\t<\/div>\n\t\t\t\t<div class=\"elementor-element elementor-element-24850bf elementor-widget elementor-widget-heading\" data-id=\"24850bf\" data-element_type=\"widget\" data-e-type=\"widget\" data-widget_type=\"heading.default\">\n\t\t\t\t\t<h2 class=\"elementor-heading-title elementor-size-default\">Vision Health Events<\/h2>\t\t\t\t<\/div>\n\t\t\t\t<div class=\"elementor-element elementor-element-4bedaa5 elementor-widget elementor-widget-text-editor\" data-id=\"4bedaa5\" data-element_type=\"widget\" data-e-type=\"widget\" data-widget_type=\"text-editor.default\">\n\t\t\t\t\t\t\t\t\t<p><span style=\"font-size: 15pt; font-family: Arial, sans-serif; color: #0d0d0d; font-variant-numeric: normal; font-variant-east-asian: normal; font-variant-alternates: normal; font-variant-position: normal; vertical-align: baseline; white-space-collapse: preserve;\">This section highlights our conferences, summits, and other key gatherings dedicated to advancing vision health, fostering collaboration, and promoting accessibility for all. These events bring together experts, advocates, healthcare professionals, and members of the visually impaired community to share insights, discuss innovations, and advocate for critical changes in eye health and vision care. <\/span><span style=\"background-color: var(--ast-global-color-5); color: #0d0d0d; font-size: 15pt; font-style: inherit; font-weight: inherit; white-space-collapse: preserve;\"> Join us in exploring topics such as the latest advancements in vision research, developments in assistive technology, and updates on national and international vision health policies. From the annual Vision Health Conference to special symposia and workshops, each event offers valuable opportunities to learn, connect, and contribute to the future of vision health in Canada.<\/span><\/p>\t\t\t\t\t\t\t\t<\/div>\n\t\t\t\t<div class=\"elementor-element elementor-element-90d602a elementor-widget elementor-widget-image\" data-id=\"90d602a\" data-element_type=\"widget\" data-e-type=\"widget\" data-widget_type=\"image.default\">\n\t\t\t\t\t\t\t\t\t\t\t\t\t\t\t<img fetchpriority=\"high\" decoding=\"async\" width=\"768\" height=\"614\" src=\"https:\/\/ccbnational.net\/shaggy\/wp-content\/uploads\/2026\/04\/DSC_04312-768x614.jpg\" class=\"attachment-medium_large size-medium_large wp-image-8065\" alt=\"An image of the CCB Vision Month Conference 2025 event space. The image was taken before the conference had began and therefore there are no people present. The space features white linen round tables and a presentation screen with the conference logo prominently displayed.\" srcset=\"https:\/\/ccbnational.net\/shaggy\/wp-content\/uploads\/2026\/04\/DSC_04312-768x614.jpg 768w, https:\/\/ccbnational.net\/shaggy\/wp-content\/uploads\/2026\/04\/DSC_04312-300x240.jpg 300w, https:\/\/ccbnational.net\/shaggy\/wp-content\/uploads\/2026\/04\/DSC_04312-1024x819.jpg 1024w, https:\/\/ccbnational.net\/shaggy\/wp-content\/uploads\/2026\/04\/DSC_04312-1536x1229.jpg 1536w, https:\/\/ccbnational.net\/shaggy\/wp-content\/uploads\/2026\/04\/DSC_04312-2048x1638.jpg 2048w\" sizes=\"(max-width: 768px) 100vw, 768px\" \/>\t\t\t\t\t\t\t\t\t\t\t\t\t\t\t<\/div>\n\t\t\t\t<div class=\"elementor-element elementor-element-e42452b elementor-widget elementor-widget-text-editor\" data-id=\"e42452b\" data-element_type=\"widget\" data-e-type=\"widget\" data-widget_type=\"text-editor.default\">\n\t\t\t\t\t\t\t\t\t<p><span style=\"font-weight: bold; font-family: Poppins, sans-serif; font-size: 30px;\">2026 CCB Conference<\/span><br style=\"font-family: Poppins, sans-serif; font-size: 30px;\" \/><em style=\"font-family: Poppins, sans-serif; font-size: 30px;\"><span style=\"font-weight: bold;\">People Before Process<\/span><\/em><\/p>\t\t\t\t\t\t\t\t<\/div>\n\t\t\t\t<div class=\"elementor-element elementor-element-61579de elementor-widget elementor-widget-text-editor\" data-id=\"61579de\" data-element_type=\"widget\" data-e-type=\"widget\" data-widget_type=\"text-editor.default\">\n\t\t\t\t\t\t\t\t\t<h3 style=\"font-style: normal; font-weight: 400; margin: 0px 0px 1.75em; text-align: center; font-family: Poppins, sans-serif; font-size: 20px !important;\"><span style=\"font-weight: bold;\"><em>Celebrating World Sight Day by Advancing Health Literacy and Patient Rights<\/em><\/span><\/h3><p style=\"font-style: normal; font-weight: 400; margin: 10.72px 0px; text-align: center; font-family: Poppins, sans-serif; font-size: 20px !important;\">Thursday, October 8, 2026<br \/>10:00 AM \u2013 2:30 PM (ET)<br \/>Eastern Time<\/p><p style=\"text-align: center;\">A complimentary continental breakfast as well as a lunch will be provided<\/p><p style=\"font-style: normal; font-weight: 400; margin: 10.72px 0px; text-align: center; font-family: Poppins, sans-serif; font-size: 20px !important;\"><em>North York Central Library \u2013 Concourse Event Space<br \/>5120 Yonge Street<br \/>Toronto, ON\u00a0<br \/>M2N 5N9<\/em><\/p><p><b style=\"font-weight: normal;\">\u00a0<\/b><\/p><p><span style=\"font-size: 12pt; font-family: 'Open Sans',sans-serif; color: #000000; background-color: transparent; font-weight: bold; font-style: italic; font-variant: normal; text-decoration: none; vertical-align: baseline; white-space: pre-wrap;\">Register now to secure your spot!<\/span><\/p><p><a href=\"https:\/\/forms.cloud.microsoft\/r\/rJTpjAG7YM?lang=en-CA\">Click here to register in person<\/a><\/p><p><b style=\"font-weight: normal;\"><a href=\"https:\/\/us06web.zoom.us\/webinar\/register\/WN_A0DR1Se1RYmOtDA_ON_Cdw\">Click here to register to attend virtually<\/a>\u00a0<\/b><\/p><p dir=\"ltr\" style=\"line-height: 1.38; margin-top: 0pt; margin-bottom: 0pt;\">\u00a0<\/p><p><b style=\"font-weight: normal;\">\u00a0<\/b><span style=\"font-size: 12pt; font-family: 'Open Sans', sans-serif; color: #000000; background-color: transparent; font-weight: bold; font-variant: normal; text-decoration: none; vertical-align: baseline; white-space: pre-wrap;\">About the Conference: <br \/><br \/><\/span><\/p><p><span style=\"font-weight: bold;\">What if we reimagined eye care by putting the person before the process?<\/span><\/p><p>As Canada\u2019s eye health system continues to evolve with the implementation of the <em>National Strategy for Eye Care Act \u2013 <\/em>formerly Bill C-284 staying informed about new research, treatments, technologies, and support services can be challenging. This conference will explore how we can ensure that patients and people with lived experience remain at the centre of eye care.<\/p><p>Join the Canadian Council of the Blind for a day of learning, discussion, and connection focused on:<\/p><ul class=\"wp-block-list\" style=\"font-size: 18px; font-style: normal; font-weight: 400; margin: 0px 0px 1.5em 3em; padding: 0px; font-family: Poppins, sans-serif;\"><li class=\"has-medium-font-size\" style=\"font-size: 20px !important;\"><span style=\"font-weight: bold;\">Health literacy:<\/span> Helping Canadians better understand their eye health and available care options.<\/li><li class=\"has-medium-font-size\" style=\"font-size: 20px !important;\"><span style=\"font-weight: bold;\">Patient and lived-experience rights:<\/span> Strengthening the role of patients and people with lived experience in shaping healthcare.<\/li><\/ul><p>The conference is open to patients, people with lived experience, healthcare professionals, students, industry partners, and anyone interested in the future of eye health in Canada.<\/p><div>\u00a0<\/div><p>\u00a0<\/p><p>\u00a0<\/p>\t\t\t\t\t\t\t\t<\/div>\n\t\t\t\t<div class=\"elementor-element elementor-element-040e8c3 elementor-align-center elementor-widget elementor-widget-button\" data-id=\"040e8c3\" data-element_type=\"widget\" data-e-type=\"widget\" data-widget_type=\"button.default\">\n\t\t\t\t\t\t\t\t\t\t<a class=\"elementor-button elementor-button-link elementor-size-sm\" href=\"https:\/\/forms.cloud.microsoft\/r\/rJTpjAG7YM?lang=en-CA\" target=\"_blank\">\n\t\t\t\t\t\t<span class=\"elementor-button-content-wrapper\">\n\t\t\t\t\t\t\t\t\t<span class=\"elementor-button-text\">Register Now<\/span>\n\t\t\t\t\t<\/span>\n\t\t\t\t\t<\/a>\n\t\t\t\t\t\t\t\t<\/div>\n\t\t\t\t\t<\/div>\n\t\t<\/div>\n\t\t\t\t\t<\/div>\n\t\t<\/section>\n\t\t\t\t<section data-particle_enable=\"false\" data-particle-mobile-disabled=\"false\" class=\"elementor-section elementor-top-section elementor-element elementor-element-a1f2caa elementor-section-boxed elementor-section-height-default elementor-section-height-default\" data-id=\"a1f2caa\" data-element_type=\"section\" data-e-type=\"section\">\n\t\t\t\t\t\t<div class=\"elementor-container elementor-column-gap-default\">\n\t\t\t\t\t<div class=\"elementor-column elementor-col-100 elementor-top-column elementor-element elementor-element-cd39e33\" data-id=\"cd39e33\" data-element_type=\"column\" data-e-type=\"column\">\n\t\t\t<div class=\"elementor-widget-wrap elementor-element-populated\">\n\t\t\t\t\t\t<div class=\"elementor-element elementor-element-c5a0901 elementor-grid-eael-col-2 elementor-grid-tablet-eael-col-2 elementor-grid-mobile-eael-col-1 elementor-widget elementor-widget-eael-post-grid\" data-id=\"c5a0901\" data-element_type=\"widget\" data-e-type=\"widget\" data-settings=\"{&quot;eael_post_grid_columns&quot;:&quot;eael-col-2&quot;,&quot;eael_post_grid_columns_tablet&quot;:&quot;eael-col-2&quot;,&quot;eael_post_grid_columns_mobile&quot;:&quot;eael-col-1&quot;}\" data-widget_type=\"eael-post-grid.default\">\n\t\t\t\t\t<div id=\"eael-post-grid-c5a0901\" class=\"eael-post-grid-container\">\n            <div class=\"eael-post-grid eael-post-appender eael-post-appender-c5a0901 eael-post-grid-style-one\" data-layout-mode=\"grid\"><article class=\"eael-grid-post  eael-post-grid-column eael-pg-post-8318 category-conference-event\" data-id=\"8318\">\n        <div class=\"eael-grid-post-holder\">\n            <div class=\"eael-grid-post-holder-inner\"><div class=\"eael-entry-media\"><div class=\"eael-entry-overlay fade-in\"><i class=\"fas fa-long-arrow-alt-right\" aria-hidden=\"true\"><\/i><a href=\"https:\/\/ccbnational.net\/shaggy\/world-sight-day-conference-2026\/\"><\/a><\/div><div class=\"eael-entry-thumbnail \">\n                <img decoding=\"async\" width=\"768\" height=\"960\" src=\"https:\/\/ccbnational.net\/shaggy\/wp-content\/uploads\/2026\/07\/Conference-2026-Logo-PEOPLE-BEFORE-PROCESS-EN-Post-768x960.png\" class=\"attachment-medium_large size-medium_large wp-image-8333\" alt=\"CCB 2026 Conference logo showing stylized figures in a circle beside the text \u201cPEOPLE BEFORE PROCESS,\u201d with \u201cBEFORE\u201d in orange and \u201cToronto, ON\u201d below. | Logo de la conf\u00e9rence 2026 de la CCB montrant des figures stylis\u00e9es en cercle \u00e0 c\u00f4t\u00e9 du texte \u00ab PEOPLE BEFORE PROCESS \u00bb, avec \u00ab BEFORE \u00bb en orange et \u00ab Toronto, ON \u00bb en dessous.\" srcset=\"https:\/\/ccbnational.net\/shaggy\/wp-content\/uploads\/2026\/07\/Conference-2026-Logo-PEOPLE-BEFORE-PROCESS-EN-Post-768x960.png 768w, https:\/\/ccbnational.net\/shaggy\/wp-content\/uploads\/2026\/07\/Conference-2026-Logo-PEOPLE-BEFORE-PROCESS-EN-Post-240x300.png 240w, https:\/\/ccbnational.net\/shaggy\/wp-content\/uploads\/2026\/07\/Conference-2026-Logo-PEOPLE-BEFORE-PROCESS-EN-Post-819x1024.png 819w, https:\/\/ccbnational.net\/shaggy\/wp-content\/uploads\/2026\/07\/Conference-2026-Logo-PEOPLE-BEFORE-PROCESS-EN-Post.png 1200w\" sizes=\"(max-width: 768px) 100vw, 768px\" \/>\n            <\/div>\n        <\/div><div class=\"eael-entry-wrapper\"><header class=\"eael-entry-header\"><h2 class=\"eael-entry-title\"><a class=\"eael-grid-post-link\" href=\"https:\/\/ccbnational.net\/shaggy\/world-sight-day-conference-2026\/\" title=\"World Sight Day Conference 2026\">World Sight Day Conference 2026<\/a><\/h2><\/header><div class=\"eael-entry-content\">\n                        <div class=\"eael-grid-post-excerpt\"><p>2026 CCB\u00a0ConferencePeople Before Process Celebrating World Sight Day by Advancing...<\/p><a href=\"https:\/\/ccbnational.net\/shaggy\/world-sight-day-conference-2026\/\" class=\"eael-post-elements-readmore-btn\">Read More<\/a><\/div>\n                    <\/div><div class=\"eael-entry-footer\"><div class=\"eael-entry-meta\"><span class=\"eael-posted-on\"><time datetime=\"July 29, 2026\">July 29, 2026<\/time><\/span><\/div><\/div><\/div><\/div>\n        <\/div>\n    <\/article><article class=\"eael-grid-post  eael-post-grid-column eael-pg-post-8135 category-conference-event\" data-id=\"8135\">\n        <div class=\"eael-grid-post-holder\">\n            <div class=\"eael-grid-post-holder-inner\"><div class=\"eael-entry-media\"><div class=\"eael-entry-overlay fade-in\"><i class=\"fas fa-long-arrow-alt-right\" aria-hidden=\"true\"><\/i><a href=\"https:\/\/ccbnational.net\/shaggy\/vision-health-month-conference-2026\/\"><\/a><\/div><div class=\"eael-entry-thumbnail \">\n                <img decoding=\"async\" width=\"768\" height=\"594\" src=\"https:\/\/ccbnational.net\/shaggy\/wp-content\/uploads\/2026\/04\/Vision-Health-Month-Conference-Pan-Canadian-Voices-768x594.png\" class=\"attachment-medium_large size-medium_large wp-image-8138\" alt=\"Vision Health Month Conference Pan-Canadian Voices 2026\" srcset=\"https:\/\/ccbnational.net\/shaggy\/wp-content\/uploads\/2026\/04\/Vision-Health-Month-Conference-Pan-Canadian-Voices-768x594.png 768w, https:\/\/ccbnational.net\/shaggy\/wp-content\/uploads\/2026\/04\/Vision-Health-Month-Conference-Pan-Canadian-Voices-300x232.png 300w, https:\/\/ccbnational.net\/shaggy\/wp-content\/uploads\/2026\/04\/Vision-Health-Month-Conference-Pan-Canadian-Voices-1024x791.png 1024w, https:\/\/ccbnational.net\/shaggy\/wp-content\/uploads\/2026\/04\/Vision-Health-Month-Conference-Pan-Canadian-Voices-1536x1187.png 1536w, https:\/\/ccbnational.net\/shaggy\/wp-content\/uploads\/2026\/04\/Vision-Health-Month-Conference-Pan-Canadian-Voices.png 1999w\" sizes=\"(max-width: 768px) 100vw, 768px\" \/>\n            <\/div>\n        <\/div><div class=\"eael-entry-wrapper\"><header class=\"eael-entry-header\"><h2 class=\"eael-entry-title\"><a class=\"eael-grid-post-link\" href=\"https:\/\/ccbnational.net\/shaggy\/vision-health-month-conference-2026\/\" title=\"Vision Health Month Conference 2026\">Vision Health Month Conference 2026<\/a><\/h2><\/header><div class=\"eael-entry-content\">\n                        <div class=\"eael-grid-post-excerpt\"><p>Vision Health Month Conference 2026Pan-Canadian Voices Ottawa Conference Centre200 Coventry...<\/p><a href=\"https:\/\/ccbnational.net\/shaggy\/vision-health-month-conference-2026\/\" class=\"eael-post-elements-readmore-btn\">Read More<\/a><\/div>\n                    <\/div><div class=\"eael-entry-footer\"><div class=\"eael-entry-meta\"><span class=\"eael-posted-on\"><time datetime=\"May 26, 2026\">May 26, 2026<\/time><\/span><\/div><\/div><\/div><\/div>\n        <\/div>\n    <\/article><article class=\"eael-grid-post  eael-post-grid-column eael-pg-post-7523 category-conference-event\" data-id=\"7523\">\n        <div class=\"eael-grid-post-holder\">\n            <div class=\"eael-grid-post-holder-inner\"><div class=\"eael-entry-media\"><div class=\"eael-entry-overlay fade-in\"><i class=\"fas fa-long-arrow-alt-right\" aria-hidden=\"true\"><\/i><a href=\"https:\/\/ccbnational.net\/shaggy\/world-sight-day-conference-2025\/\"><\/a><\/div><div class=\"eael-entry-thumbnail \">\n                <img loading=\"lazy\" decoding=\"async\" width=\"768\" height=\"768\" src=\"https:\/\/ccbnational.net\/shaggy\/wp-content\/uploads\/2025\/09\/WSD2025-768x768.png\" class=\"attachment-medium_large size-medium_large wp-image-7524\" alt=\"\" srcset=\"https:\/\/ccbnational.net\/shaggy\/wp-content\/uploads\/2025\/09\/WSD2025-768x768.png 768w, https:\/\/ccbnational.net\/shaggy\/wp-content\/uploads\/2025\/09\/WSD2025-300x300.png 300w, https:\/\/ccbnational.net\/shaggy\/wp-content\/uploads\/2025\/09\/WSD2025-1024x1024.png 1024w, https:\/\/ccbnational.net\/shaggy\/wp-content\/uploads\/2025\/09\/WSD2025-150x150.png 150w, https:\/\/ccbnational.net\/shaggy\/wp-content\/uploads\/2025\/09\/WSD2025-1536x1536.png 1536w, https:\/\/ccbnational.net\/shaggy\/wp-content\/uploads\/2025\/09\/WSD2025-2048x2048.png 2048w\" sizes=\"(max-width: 768px) 100vw, 768px\" \/>\n            <\/div>\n        <\/div><div class=\"eael-entry-wrapper\"><header class=\"eael-entry-header\"><h2 class=\"eael-entry-title\"><a class=\"eael-grid-post-link\" href=\"https:\/\/ccbnational.net\/shaggy\/world-sight-day-conference-2025\/\" title=\"World Sight Day Conference 2025\">World Sight Day Conference 2025<\/a><\/h2><\/header><div class=\"eael-entry-content\">\n                        <div class=\"eael-grid-post-excerpt\"><p>World Sight Day 2025Right to SightAct now, Act Together Together...<\/p><a href=\"https:\/\/ccbnational.net\/shaggy\/world-sight-day-conference-2025\/\" class=\"eael-post-elements-readmore-btn\">Read More<\/a><\/div>\n                    <\/div><div class=\"eael-entry-footer\"><div class=\"eael-entry-meta\"><span class=\"eael-posted-on\"><time datetime=\"September 15, 2025\">September 15, 2025<\/time><\/span><\/div><\/div><\/div><\/div>\n        <\/div>\n    <\/article><article class=\"eael-grid-post  eael-post-grid-column eael-pg-post-7290 category-conference-event\" data-id=\"7290\">\n        <div class=\"eael-grid-post-holder\">\n            <div class=\"eael-grid-post-holder-inner\"><div class=\"eael-entry-media\"><div class=\"eael-entry-overlay fade-in\"><i class=\"fas fa-long-arrow-alt-right\" aria-hidden=\"true\"><\/i><a href=\"https:\/\/ccbnational.net\/shaggy\/vision-health-month-conference-2025\/\"><\/a><\/div><div class=\"eael-entry-thumbnail \">\n                <img loading=\"lazy\" decoding=\"async\" width=\"768\" height=\"590\" src=\"https:\/\/ccbnational.net\/shaggy\/wp-content\/uploads\/2025\/04\/2025-logo-768x590.png\" class=\"attachment-medium_large size-medium_large wp-image-7295\" alt=\"Canadian Council of the Blind and Le Conseil Canadien des Aveugles logos above the text: &quot;VISION HEALTH CONFERENCE 2025 \u2013 Together We Thrive!&quot;\" srcset=\"https:\/\/ccbnational.net\/shaggy\/wp-content\/uploads\/2025\/04\/2025-logo-768x590.png 768w, https:\/\/ccbnational.net\/shaggy\/wp-content\/uploads\/2025\/04\/2025-logo-300x230.png 300w, https:\/\/ccbnational.net\/shaggy\/wp-content\/uploads\/2025\/04\/2025-logo-1024x786.png 1024w, https:\/\/ccbnational.net\/shaggy\/wp-content\/uploads\/2025\/04\/2025-logo-1536x1179.png 1536w, https:\/\/ccbnational.net\/shaggy\/wp-content\/uploads\/2025\/04\/2025-logo-2048x1573.png 2048w\" sizes=\"(max-width: 768px) 100vw, 768px\" \/>\n            <\/div>\n        <\/div><div class=\"eael-entry-wrapper\"><header class=\"eael-entry-header\"><h2 class=\"eael-entry-title\"><a class=\"eael-grid-post-link\" href=\"https:\/\/ccbnational.net\/shaggy\/vision-health-month-conference-2025\/\" title=\"Vision Health Month Conference 2025\">Vision Health Month Conference 2025<\/a><\/h2><\/header><div class=\"eael-entry-content\">\n                        <div class=\"eael-grid-post-excerpt\"><p>2025 Vision Health Month ConferenceTogether We Thrive! Celebrate inclusion, innovation,...<\/p><a href=\"https:\/\/ccbnational.net\/shaggy\/vision-health-month-conference-2025\/\" class=\"eael-post-elements-readmore-btn\">Read More<\/a><\/div>\n                    <\/div><div class=\"eael-entry-footer\"><div class=\"eael-entry-meta\"><span class=\"eael-posted-on\"><time datetime=\"May 29, 2025\">May 29, 2025<\/time><\/span><\/div><\/div><\/div><\/div>\n        <\/div>\n    <\/article><\/div>\n            <div class=\"clearfix\"><\/div>\n        <\/div>            <div class=\"eael-load-more-button-wrap\">\n                <button class=\"eael-load-more-button\" id=\"eael-load-more-btn-c5a0901\" data-widget-id=\"c5a0901\" data-widget=\"c5a0901\" data-page-id=\"6312\" data-template=\"{&quot;dir&quot;:&quot;lite&quot;,&quot;file_name&quot;:&quot;one.php&quot;,&quot;name&quot;:&quot;Post-Grid&quot;}\" data-class=\"Essential_Addons_Elementor\\Elements\\Post_Grid\" data-layout=\"grid\" data-page=\"1\" data-args=\"orderby=date&amp;order=desc&amp;ignore_sticky_posts=1&amp;post_status=publish&amp;posts_per_page=4&amp;offset=0&amp;post_type=post&amp;tax_query%5B0%5D%5Btaxonomy%5D=category&amp;tax_query%5B0%5D%5Bfield%5D=term_id&amp;tax_query%5B0%5D%5Bterms%5D%5B0%5D=29&amp;tax_query%5Brelation%5D=AND\" data-max-page=\"4\">\n                    <span class=\"eael-btn-loader button__loader\"><\/span>\n                    <span class=\"eael_load_more_text\">Load More<\/span>\n                <\/button>\n            <\/div>\n            \t\t\t\t<\/div>\n\t\t\t\t\t<\/div>\n\t\t<\/div>\n\t\t\t\t\t<\/div>\n\t\t<\/section>\n\t\t\t\t<\/div>\n\t\t","protected":false},"excerpt":{"rendered":"<p>Vision Health Events This section highlights our conferences, summits, and other key gatherings dedicated to advancing vision health, fostering collaboration, and promoting accessibility for all. These events bring together experts, advocates, healthcare professionals, and members of the visually impaired community to share insights, discuss innovations, and advocate for critical changes in eye health and vision [&hellip;]<\/p>\n","protected":false},"author":3,"featured_media":0,"parent":0,"menu_order":0,"comment_status":"closed","ping_status":"closed","template":"","meta":{"site-sidebar-layout":"no-sidebar","site-content-layout":"","ast-site-content-layout":"full-width-container","site-content-style":"default","site-sidebar-style":"default","ast-global-header-display":"","ast-banner-title-visibility":"","ast-main-header-display":"","ast-hfb-above-header-display":"","ast-hfb-below-header-display":"","ast-hfb-mobile-header-display":"","site-post-title":"disabled","ast-breadcrumbs-content":"","ast-featured-img":"disabled","footer-sml-layout":"","ast-disable-related-posts":"","theme-transparent-header-meta":"","adv-header-id-meta":"","stick-header-meta":"","header-above-stick-meta":"","header-main-stick-meta":"","header-below-stick-meta":"","astra-migrate-meta-layouts":"","ast-page-background-enabled":"default","ast-page-background-meta":{"desktop":{"background-color":"var(--ast-global-color-4)","background-image":"","background-repeat":"repeat","background-position":"center center","background-size":"auto","background-attachment":"scroll","background-type":"","background-media":"","overlay-type":"","overlay-color":"","overlay-opacity":"","overlay-gradient":""},"tablet":{"background-color":"","background-image":"","background-repeat":"repeat","background-position":"center center","background-size":"auto","background-attachment":"scroll","background-type":"","background-media":"","overlay-type":"","overlay-color":"","overlay-opacity":"","overlay-gradient":""},"mobile":{"background-color":"","background-image":"","background-repeat":"repeat","background-position":"center center","background-size":"auto","background-attachment":"scroll","background-type":"","background-media":"","overlay-type":"","overlay-color":"","overlay-opacity":"","overlay-gradient":""}},"ast-content-background-meta":{"desktop":{"background-color":"var(--ast-global-color-5)","background-image":"","background-repeat":"repeat","background-position":"center center","background-size":"auto","background-attachment":"scroll","background-type":"","background-media":"","overlay-type":"","overlay-color":"","overlay-opacity":"","overlay-gradient":""},"tablet":{"background-color":"var(--ast-global-color-5)","background-image":"","background-repeat":"repeat","background-position":"center center","background-size":"auto","background-attachment":"scroll","background-type":"","background-media":"","overlay-type":"","overlay-color":"","overlay-opacity":"","overlay-gradient":""},"mobile":{"background-color":"var(--ast-global-color-5)","background-image":"","background-repeat":"repeat","background-position":"center center","background-size":"auto","background-attachment":"scroll","background-type":"","background-media":"","overlay-type":"","overlay-color":"","overlay-opacity":"","overlay-gradient":""}},"footnotes":""},"class_list":["post-6312","page","type-page","status-publish","hentry"],"_links":{"self":[{"href":"https:\/\/ccbnational.net\/shaggy\/wp-json\/wp\/v2\/pages\/6312","targetHints":{"allow":["GET"]}}],"collection":[{"href":"https:\/\/ccbnational.net\/shaggy\/wp-json\/wp\/v2\/pages"}],"about":[{"href":"https:\/\/ccbnational.net\/shaggy\/wp-json\/wp\/v2\/types\/page"}],"author":[{"embeddable":true,"href":"https:\/\/ccbnational.net\/shaggy\/wp-json\/wp\/v2\/users\/3"}],"replies":[{"embeddable":true,"href":"https:\/\/ccbnational.net\/shaggy\/wp-json\/wp\/v2\/comments?post=6312"}],"version-history":[{"count":34,"href":"https:\/\/ccbnational.net\/shaggy\/wp-json\/wp\/v2\/pages\/6312\/revisions"}],"predecessor-version":[{"id":8410,"href":"https:\/\/ccbnational.net\/shaggy\/wp-json\/wp\/v2\/pages\/6312\/revisions\/8410"}],"wp:attachment":[{"href":"https:\/\/ccbnational.net\/shaggy\/wp-json\/wp\/v2\/media?parent=6312"}],"curies":[{"name":"wp","href":"https:\/\/api.w.org\/{rel}","templated":true}]}}